{"id":3551,"date":"2025-09-22T14:23:32","date_gmt":"2025-09-22T13:23:32","guid":{"rendered":"http:\/\/worksopwebdesign.co.uk\/jm\/?page_id=3551"},"modified":"2025-09-28T13:15:08","modified_gmt":"2025-09-28T12:15:08","slug":"virksomheder-organisationer-2","status":"publish","type":"page","link":"http:\/\/worksopwebdesign.co.uk\/jm\/index.php\/virksomheder-organisationer-2\/","title":{"rendered":"Virksomheder &#038; organisationer"},"content":{"rendered":"<div class=\"wpb-content-wrapper\"><p>[vc_row full_height=&#8221;yes&#8221; css=&#8221;.vc_custom_1758552022314{background-image: url(http:\/\/worksopwebdesign.co.uk\/jm\/wp-content\/uploads\/2025\/09\/jm5-1.jpg?id=3572) !important;background-position: center !important;background-repeat: no-repeat !important;background-size: cover !important;}&#8221; el_class=&#8221;mainbannerimage&#8221;][vc_column width=&#8221;1\/2&#8243; el_class=&#8221;mainbannertext&#8221;][vc_empty_space][vc_column_text css_animation=&#8221;fadeIn&#8221; css=&#8221;&#8221; el_class=&#8221;mainbannersmall&#8221;]<\/p>\n<h1>Trivsel, f\u00e6llesskab &amp; performance<\/h1>\n<p>[\/vc_column_text][vc_column_text css_animation=&#8221;fadeIn&#8221; css=&#8221;&#8221; el_class=&#8221;mainbanner&#8221;]<\/p>\n<h1>N\u00e5r mennesker trives, f\u00f8lger fokus. N\u00e5r relationer er st\u00e6rke, f\u00f8lger energien. N\u00e5r modet er der, f\u00f8lger resultaterne.<\/h1>\n<p>[\/vc_column_text][vc_empty_space][vc_row_inner][vc_column_inner width=&#8221;1\/2&#8243;][vc_btn title=&#8221;Gen Z &amp; tilknytning&#8221; style=&#8221;custom&#8221; custom_background=&#8221;#FFC30000&#8243; custom_text=&#8221;#FCCE00&#8243; css_animation=&#8221;fadeInUp&#8221; css=&#8221;&#8221; link=&#8221;url:%23&#8243; el_class=&#8221;borderbutton&#8221;][\/vc_column_inner][vc_column_inner width=&#8221;1\/2&#8243;][vc_btn title=&#8221;Trivsel &amp; arbejdsgl\u00e6de&#8221; style=&#8221;custom&#8221; custom_background=&#8221;#FFC30000&#8243; custom_text=&#8221;#FCCE00&#8243; css_animation=&#8221;fadeInUp&#8221; css=&#8221;&#8221; link=&#8221;url:%23&#8243; el_class=&#8221;borderbutton&#8221;][\/vc_column_inner][\/vc_row_inner][vc_row_inner][vc_column_inner width=&#8221;1\/2&#8243;][vc_btn title=&#8221;Team performance &amp; samarbejde&#8221; style=&#8221;custom&#8221; custom_background=&#8221;#FFC30000&#8243; custom_text=&#8221;#FCCE00&#8243; css_animation=&#8221;fadeInUp&#8221; css=&#8221;&#8221; link=&#8221;url:%23&#8243; el_class=&#8221;borderbutton&#8221;][\/vc_column_inner][vc_column_inner width=&#8221;1\/2&#8243;][vc_btn title=&#8221;Public speaking &amp; storytelling&#8221; style=&#8221;custom&#8221; custom_background=&#8221;#FFC30000&#8243; custom_text=&#8221;#FCCE00&#8243; css_animation=&#8221;fadeInUp&#8221; css=&#8221;&#8221; link=&#8221;url:%23&#8243; el_class=&#8221;borderbutton&#8221;][\/vc_column_inner][\/vc_row_inner][vc_empty_space][\/vc_column][vc_column width=&#8221;1\/2&#8243;][\/vc_column][\/vc_row][vc_row full_width=&#8221;stretch_row_content_no_spaces&#8221;][vc_column css_animation=&#8221;fadeInUp&#8221;][vc_empty_space height=&#8221;40px&#8221;]<div class=\"unero-banners-carousel \"><ul id=\"banners-carousel-69f247f231e26\"><li><img loading=\"lazy\" decoding=\"async\" width=\"936\" height=\"1080\" src=\"http:\/\/worksopwebdesign.co.uk\/jm\/wp-content\/uploads\/2025\/09\/carousel1-1.jpg\" class=\"attachment-full size-full\" alt=\"\" srcset=\"http:\/\/worksopwebdesign.co.uk\/jm\/wp-content\/uploads\/2025\/09\/carousel1-1.jpg 936w, http:\/\/worksopwebdesign.co.uk\/jm\/wp-content\/uploads\/2025\/09\/carousel1-1-260x300.jpg 260w, http:\/\/worksopwebdesign.co.uk\/jm\/wp-content\/uploads\/2025\/09\/carousel1-1-887x1024.jpg 887w, http:\/\/worksopwebdesign.co.uk\/jm\/wp-content\/uploads\/2025\/09\/carousel1-1-768x886.jpg 768w, http:\/\/worksopwebdesign.co.uk\/jm\/wp-content\/uploads\/2025\/09\/carousel1-1-370x427.jpg 370w, http:\/\/worksopwebdesign.co.uk\/jm\/wp-content\/uploads\/2025\/09\/carousel1-1-540x623.jpg 540w, http:\/\/worksopwebdesign.co.uk\/jm\/wp-content\/uploads\/2025\/09\/carousel1-1-600x692.jpg 600w\" sizes=\"auto, (max-width: 936px) 100vw, 936px\" \/><a href=\"#\" class=\"link-all\" ><\/a><div class=\"cs-content\"><div class=\"cs-layer\"><div class=\"title\"><h2>Den nye unge generation<\/h2>\n<p>\u2022 Motivation & ejerskab<\/p>\n<p>\u2022 Tilknytning til arbejdspladsen<\/p>\n<p>\u2022 Forst\u00e5elses af den nye unge generation <\/p>\n<p>\u2022 V\u00e6rdier & mening<\/p>\n\n<p>Forst\u00e5 og motiv\u00e9r den nye generation \u2013 og skab en kultur, de har lyst til at v\u00e6lge til.<\/p>\n\n<p><a href=\"#\">Foredrag<\/a> | <a href=\"#\">Workshop<\/a> | <a href=\"#\">Forl\u00f8b<\/a><\/p>\n<\/div><a href=\"#\" class=\"link\" >View Products<\/a><\/div><\/div><\/li> <li><img loading=\"lazy\" decoding=\"async\" width=\"936\" height=\"1080\" src=\"http:\/\/worksopwebdesign.co.uk\/jm\/wp-content\/uploads\/2025\/09\/carousel5-1.jpg\" class=\"attachment-full size-full\" alt=\"\" srcset=\"http:\/\/worksopwebdesign.co.uk\/jm\/wp-content\/uploads\/2025\/09\/carousel5-1.jpg 936w, http:\/\/worksopwebdesign.co.uk\/jm\/wp-content\/uploads\/2025\/09\/carousel5-1-260x300.jpg 260w, http:\/\/worksopwebdesign.co.uk\/jm\/wp-content\/uploads\/2025\/09\/carousel5-1-887x1024.jpg 887w, http:\/\/worksopwebdesign.co.uk\/jm\/wp-content\/uploads\/2025\/09\/carousel5-1-768x886.jpg 768w, http:\/\/worksopwebdesign.co.uk\/jm\/wp-content\/uploads\/2025\/09\/carousel5-1-370x427.jpg 370w, http:\/\/worksopwebdesign.co.uk\/jm\/wp-content\/uploads\/2025\/09\/carousel5-1-540x623.jpg 540w, http:\/\/worksopwebdesign.co.uk\/jm\/wp-content\/uploads\/2025\/09\/carousel5-1-600x692.jpg 600w\" sizes=\"auto, (max-width: 936px) 100vw, 936px\" \/><div class=\"cs-content\"><div class=\"cs-layer\"><div class=\"title\"><h2>Trivsel & arbejdsgl\u00e6de<\/h2>\n<p>\u2022 Sunde f\u00e6llesskaber<\/p>\n<p>\u2022 Mental sundhed i hverdagen<\/p>\n<p>\u2022 Motivation & energi <\/p>\n<p>\u2022 Teamdynamik & samarbejde<\/p>\n<p>\u2022 Mindset & udvikling<\/p>\n\n<p>Forst\u00e5 og motiv\u00e9r den nye generation \u2013 og skab en kultur, de har lyst til at v\u00e6lge tilTrivsel, sundhed og f\u00e6llesskab f\u00f8rst \u2013 s\u00e5 kan vi pr\u00e6stere.<\/p>\n\n<p><a href=\"#\">Foredrag<\/a> | <a href=\"#\">Workshop<\/a> | <a href=\"#\">Forl\u00f8b<\/a><\/p>\n<\/div><a href=\"#\" class=\"link\" >View Products<\/a><\/div><\/div><\/li> <li><img loading=\"lazy\" decoding=\"async\" width=\"936\" height=\"1080\" src=\"http:\/\/worksopwebdesign.co.uk\/jm\/wp-content\/uploads\/2025\/09\/carousel2-1.jpg\" class=\"attachment-full size-full\" alt=\"\" srcset=\"http:\/\/worksopwebdesign.co.uk\/jm\/wp-content\/uploads\/2025\/09\/carousel2-1.jpg 936w, http:\/\/worksopwebdesign.co.uk\/jm\/wp-content\/uploads\/2025\/09\/carousel2-1-260x300.jpg 260w, http:\/\/worksopwebdesign.co.uk\/jm\/wp-content\/uploads\/2025\/09\/carousel2-1-887x1024.jpg 887w, http:\/\/worksopwebdesign.co.uk\/jm\/wp-content\/uploads\/2025\/09\/carousel2-1-768x886.jpg 768w, http:\/\/worksopwebdesign.co.uk\/jm\/wp-content\/uploads\/2025\/09\/carousel2-1-370x427.jpg 370w, http:\/\/worksopwebdesign.co.uk\/jm\/wp-content\/uploads\/2025\/09\/carousel2-1-540x623.jpg 540w, http:\/\/worksopwebdesign.co.uk\/jm\/wp-content\/uploads\/2025\/09\/carousel2-1-600x692.jpg 600w\" sizes=\"auto, (max-width: 936px) 100vw, 936px\" \/><div class=\"cs-content\"><div class=\"cs-layer\"><div class=\"title\"><h2>Offentlig tale og historiefort\u00e6lling<\/h2>\n<p>\u2022 St\u00e6rke pr\u00e6sentationer i praksis<\/p>\n<p>\u2022 Klar kommunikation & n\u00e6rv\u00e6r<\/p>\n<p>\u2022 Storytelling og brandhistorie <\/p>\n<p>\u2022 Kropssprog, stemme & energi<\/p>\n<p>\u2022 Budskaber der huskes<\/p>\n\n<p>Fra m\u00f8der til store scener \u2013 st\u00e5 st\u00e6rkt og lever med gennemslagskraft.<\/p>\n\n<p><a href=\"#\">Foredrag<\/a> | <a href=\"#\">Workshop<\/a> | <a href=\"#\">Forl\u00f8b<\/a><\/p>\n<\/div><a href=\"#\" class=\"link\" >View Products<\/a><\/div><\/div><\/li><\/ul><\/div>[vc_empty_space height=&#8221;64px&#8221;][\/vc_column][\/vc_row][vc_row css=&#8221;.vc_custom_1758548268792{background-color: #000000 !important;}&#8221; el_class=&#8221;blcackpanel paneles&#8221;][vc_column][vc_empty_space height=&#8221;50px&#8221;][vc_row_inner][vc_column_inner width=&#8221;1\/2&#8243;][vc_custom_heading text=&#8221;Den nye unge generation \u2013 forst\u00e5, motiv\u00e9r og styrk tilknytningen&#8221; font_container=&#8221;tag:h1|text_align:left|color:%23FFFFFF&#8221; css=&#8221;&#8221;][vc_column_text css=&#8221;&#8221;]Jeg har arbejdet med unge i mere end 12 \u00e5r, holdt over 800 foredrag og haft tusindvis af 1:1-sessioner med dem. Jeg er t\u00e6t p\u00e5 deres hverdag \u2013 p\u00e5 deres udfordringer, deres dr\u00f8mme og p\u00e5 det, der faktisk motiverer dem.<\/p>\n<p>N\u00e5r jeg m\u00f8der ledere, HR-afdelinger og tr\u00e6nere, h\u00f8rer jeg ofte den samme frustration:<\/p>\n<p><em>\u201cHvordan f\u00e5r vi de unge til at blive engagerede, tage ansvar og v\u00e6lge os til \u2013 ikke bare i et halvt \u00e5r, men p\u00e5 den lange bane?\u201d<\/em><\/p>\n<p>Den unge generation er vokset op i en helt anden virkelighed end tidligere. De forventer mening i arbejdet, tydelig feedback, fleksibilitet og f\u00e6llesskab. Hvis vi ikke forst\u00e5r deres v\u00e6rdier og adf\u00e6rd, mister vi b\u00e5de talenter og energi. Hvis vi g\u00f8r \u2013 s\u00e5 kan vi skabe arbejdspladser, organisationer og hold, hvor unge faktisk trives, yder og bliver.<\/p>\n<p>Pointen er enkel: <strong>relation f\u00f8r kontrol \u2013 mening f\u00f8r manual.<\/strong><\/p>\n<p>N\u00e5r vi m\u00f8der de unge med nysgerrighed og \u00e6gthed, skaber vi motivation, tilknytning og en kultur, der holder.[\/vc_column_text][\/vc_column_inner][vc_column_inner el_class=&#8221;panelimgs&#8221; width=&#8221;1\/2&#8243;][vc_single_image image=&#8221;3570&#8243; img_size=&#8221;full&#8221; alignment=&#8221;right&#8221; css=&#8221;&#8221;][\/vc_column_inner][\/vc_row_inner][vc_empty_space height=&#8221;20px&#8221;][vc_empty_space height=&#8221;20px&#8221;][vc_empty_space height=&#8221;20px&#8221;][vc_tta_tour][vc_tta_section title=&#8221;Foredrag&#8221; tab_id=&#8221;1758548314763-14df9e60-9f87&#8243;][vc_row_inner][vc_column_inner][vc_custom_heading text=&#8221;Den nye unge generation \u2013 forst\u00e5, motiv\u00e9r og styrk tilknytningen&#8221; css=&#8221;&#8221;][vc_empty_space][vc_column_text css=&#8221;&#8221;]Et opl\u00e6g, hvor jeg giver jer indblik i:<\/p>\n<ul>\n<li>Hvad unge medarbejdere faktisk s\u00f8ger (mening, udvikling, fleksibilitet)<\/li>\n<li>Hvordan I skaber tilknytning fra f\u00f8rste dag<\/li>\n<li>Kommunikation i \u00f8jenh\u00f8jde: sig hvorfor, v\u00e6r \u00e6gte, hold aftaler<\/li>\n<li>Sm\u00e5 greb, der giver energi og engagement i hverdagen<\/li>\n<\/ul>\n<p>[\/vc_column_text][vc_empty_space][\/vc_column_inner][\/vc_row_inner][\/vc_tta_section][vc_tta_section title=&#8221;V\u00e6rksted&#8221; tab_id=&#8221;1758548314805-6d9e9e06-1a72&#8243;][vc_row_inner][vc_column_inner][vc_custom_heading text=&#8221;V\u00e6rksted&#8221; css=&#8221;&#8221;][vc_empty_space][vc_column_text css=&#8221;&#8221;]N\u00e5r jeg m\u00f8der ledere, HR-afdelinger og tr\u00e6nere, h\u00f8rer jeg ofte de samme udfordringer:<\/p>\n<p><em>\u201cDe unge virker motiverede, n\u00e5r de starter \u2013 men vi mister dem hurtigt igen.\u201d<br \/>\n<\/em><em>\u201cHvordan skaber vi en kultur, hvor de f\u00f8ler sig som en del af holdet?\u201d<br \/>\n<\/em><em>\u201cVi ved, at de s\u00f8ger mening og udvikling \u2013 men hvordan overs\u00e6tter vi det til vores hverdag?\u201d<\/em><\/p>\n<p>Unge talenter kommer ind p\u00e5 arbejdspladser og i sportsklubber med masser af energi, men ogs\u00e5 med h\u00f8je forventninger. Hvis vi ikke forst\u00e5r deres v\u00e6rdier og tilknytningsbehov, mister vi engagement og f\u00e5r en h\u00f8j udskiftning. Hvis vi derimod giver dem mening, f\u00e6llesskab og tydelige rammer, skaber vi loyalitet, motivation og kultur, de har lyst til at v\u00e6re en del af.<\/p>\n<p>Denne workshop er ikke et klassisk opl\u00e6g \u2013 det er en <strong>f\u00e6lles proces<\/strong>, hvor vi arbejder med jeres virkelighed. Vi unders\u00f8ger, hvordan det fungerer i dag, og s\u00e6tter m\u00e5l for, hvordan I \u00f8nsker at tilknytte og motivere unge fremover. Sammen finder vi de v\u00e6rdier og greb, der g\u00f8r jer attraktive for nye talenter \u2013 og som styrker engagementet hos dem, I allerede har.[\/vc_column_text][vc_empty_space][\/vc_column_inner][vc_column_inner el_class=&#8221;pannellists2&#8243; width=&#8221;1\/2&#8243;][vc_column_text css=&#8221;&#8221;]<strong>I f\u00e5r:<\/strong><\/p>\n<ul>\n<li>Kortl\u00e6gning af jeres nuv\u00e6rende styrker og udfordringer ift. unge medarbejdere<\/li>\n<li>F\u00e6lles refleksion: hvordan fungerer det i dag, og hvordan \u00f8nsker I at skabe tilknytning fremover?<\/li>\n<li>Indsigt i, hvad unge talenter s\u00f8ger \u2013 og hvordan I kan tiltr\u00e6kke dem til netop jer<\/li>\n<li>Konkrete greb til rekruttering, onboarding og motivation<\/li>\n<li>Tr\u00e6ning i kommunikation i \u00f8jenh\u00f8jde \u2013 s\u00e5 I ved, hvordan I rammer og motiverer<\/li>\n<li>En f\u00e6lles plan for, hvilke v\u00e6rdier og handlinger I kan bygge jeres kultur p\u00e5<\/li>\n<\/ul>\n<p>[\/vc_column_text][\/vc_column_inner][vc_column_inner el_class=&#8221;pannellists1&#8243; width=&#8221;1\/2&#8243;][vc_column_text css=&#8221;&#8221;]<strong>Produktion:<\/strong><\/p>\n<p>En klar retning og praktisk handlingsplan for, hvordan I b\u00e5de tiltr\u00e6kker nye unge talenter og styrker tilknytningen hos dem, I allerede har.[\/vc_column_text][\/vc_column_inner][vc_column_inner][vc_btn title=&#8221;mere info&#8221; style=&#8221;custom&#8221; custom_background=&#8221;#FFC300&#8243; custom_text=&#8221;#000000&#8243; css=&#8221;&#8221; link=&#8221;url:%23&#8243; el_class=&#8221;yellowbutton&#8221;][\/vc_column_inner][\/vc_row_inner][\/vc_tta_section][vc_tta_section title=&#8221;Forl\u00f8b (konsulentforl\u00f8b)&#8221; tab_id=&#8221;1758548314891-11f16517-f2f8&#8243;][vc_row_inner][vc_column_inner][vc_custom_heading text=&#8221;Forl\u00f8b (konsulentforl\u00f8b)&#8221; css=&#8221;&#8221;][vc_empty_space][vc_column_text css=&#8221;&#8221;]En workshop kan give jer energi, indsigt og konkrete v\u00e6rkt\u00f8jer, der virker her og nu.<br \/>\nEt forl\u00f8b tager n\u00e6ste skridt: at sikre, at de nye greb bliver forankret i hverdagen, og at I forts\u00e6tter med at udvikle jer \u2013 b\u00e5de som ledere, teams og organisation.<\/p>\n<p>Som fast konsulent bliver jeg en samarbejdspartner, der hj\u00e6lper jer med at fastholde de unge, motivere jeres medarbejdere og styrke kulturen over tid. Vi kombinerer f\u00e6lles sessioner med 1:1-sparring til ledere, tr\u00e6nere og unge n\u00f8glepersoner \u2013 s\u00e5 alle f\u00e5r de bedste foruds\u00e6tninger for at lykkes.<br \/>\n[\/vc_column_text][vc_empty_space][\/vc_column_inner][vc_column_inner el_class=&#8221;pannellists2&#8243; width=&#8221;1\/2&#8243;][vc_column_text css=&#8221;&#8221;]<strong>I f\u00e5r:<\/strong><\/p>\n<ul>\n<li>En fast konsulent, der kender jer og f\u00f8lger op p\u00e5 jeres m\u00e5l<\/li>\n<li>Sparring p\u00e5 team- og ledelsesniveau \u2013 strategi, handling og feedback<\/li>\n<li>1:1-sessions med ledere, tr\u00e6nere eller unge talenter<\/li>\n<li>St\u00f8tte til at finde og forankre de v\u00e6rdier, der tiltr\u00e6kker og motiverer unge<\/li>\n<li>L\u00f8bende justering og nye perspektiver, s\u00e5 I hele tiden rykker jer<\/li>\n<\/ul>\n<p>[\/vc_column_text][\/vc_column_inner][vc_column_inner el_class=&#8221;pannellists1&#8243; width=&#8221;1\/2&#8243;][vc_column_text css=&#8221;&#8221;]<strong>Produktion:<\/strong><\/p>\n<ul>\n<li>En arbejdsplads eller organisation, hvor unge <strong>v\u00e6lger jer til<\/strong> \u2013 og bliver<\/li>\n<li>Ledere og tr\u00e6nere, der kan skabe motivation og tilknytning i praksis<\/li>\n<li>En kultur, hvor trivsel, ejerskab og energi m\u00e6rkes i hverdagen<\/li>\n<\/ul>\n<p>[\/vc_column_text][\/vc_column_inner][vc_column_inner][vc_empty_space][vc_column_text css=&#8221;&#8221;]\ud83d\udca1 Og t\u00e6nk lige over det:<br \/>\nHvor meget ville det v\u00e6re v\u00e6rd for jer, hvis I blev ved med at tiltr\u00e6kke de bedste unge talenter \u2013 og samtidig skabe en st\u00e6rk tilknytning, s\u00e5 de faktisk bliver?[\/vc_column_text][vc_empty_space][vc_column_text css=&#8221;&#8221;]\ud83d\udc49 Kort sagt: Workshoppen s\u00e6tter jer i gang \u2013 forl\u00f8bet g\u00f8r, at I bliver ved og kommer helt i m\u00e5l.[\/vc_column_text][vc_empty_space][vc_btn title=&#8221;mere info&#8221; style=&#8221;custom&#8221; custom_background=&#8221;#FFC300&#8243; custom_text=&#8221;#000000&#8243; css=&#8221;&#8221; link=&#8221;url:%23&#8243; el_class=&#8221;yellowbutton&#8221;][\/vc_column_inner][\/vc_row_inner][\/vc_tta_section][\/vc_tta_tour][vc_empty_space height=&#8221;50px&#8221;][\/vc_column][\/vc_row][vc_row css=&#8221;.vc_custom_1758548352940{background-color: #FCCE00 !important;}&#8221; el_class=&#8221;blcackpanel panelesyellow&#8221;][vc_column][vc_empty_space height=&#8221;50px&#8221;][vc_row_inner][vc_column_inner width=&#8221;1\/2&#8243;][vc_custom_heading text=&#8221;Trivsel &amp; arbejdsgl\u00e6de \u2013 sundhed, energi &amp; f\u00e6llesskab i praksis&#8221; font_container=&#8221;tag:h1|text_align:left|color:%23FFFFFF&#8221; css=&#8221;&#8221;][vc_column_text css=&#8221;&#8221; el_id=&#8221;panelltexts&#8221;]Mandag morgen. Outlook r\u00f8dgl\u00f8der, kalenderen er t\u00e6tpakket, og energien er p\u00e5 minus l\u00e6nge f\u00f8r frokost. De fleste steder jeg bes\u00f8ger, er det ikke viljen, der mangler \u2013 det er rammerne.<\/p>\n<p>Tid til at tale \u00e6rligt. Mod til at handle p\u00e5 det, vi ved. Sm\u00e5 greb i hverdagen, der g\u00f8r trivsel og f\u00e6llesskab til noget, vi <strong>g\u00f8r<\/strong> \u2013 ikke bare noget, vi siger.<\/p>\n<p>Jeg tror p\u00e5, at <strong>s\u00e5rbarhed kr\u00e6ver mod \u2013 og at det er der, \u00e6gte forandring starter.<\/strong> N\u00e5r vi t\u00f8r sige <em>\u201cher k\u00e6mper jeg\u201d<\/em>, <em>\u201cdet forst\u00e5r jeg ikke endnu\u201d<\/em> eller <em>\u201cs\u00e5dan p\u00e5virker det mig\u201d<\/em>, \u00e5bner vi for psykologisk tryghed, ansvar og bedre samarbejde.<\/p>\n<p>M\u00e5let er ikke flere buzzwords. M\u00e5let er en hverdag, hvor man v\u00e6lger arbejdspladsen til: fordi man kan v\u00e6re sig selv, fordi relationerne b\u00e6rer \u2013 og fordi kulturen giver energi, arbejdsgl\u00e6de og retning[\/vc_column_text][\/vc_column_inner][vc_column_inner el_class=&#8221;panelimgs&#8221; width=&#8221;1\/2&#8243;][vc_single_image image=&#8221;3569&#8243; img_size=&#8221;full&#8221; alignment=&#8221;right&#8221; css=&#8221;&#8221;][\/vc_column_inner][\/vc_row_inner][vc_empty_space height=&#8221;20px&#8221;][vc_empty_space height=&#8221;20px&#8221;][vc_empty_space height=&#8221;20px&#8221;][vc_tta_tour active_section=&#8221;1&#8243;][vc_tta_section title=&#8221;Foredrag&#8221; tab_id=&#8221;1758301183059-5fb707a7-10b5&#8243;][vc_row_inner][vc_column_inner][vc_custom_heading text=&#8221;Trivsel &amp; arbejdsgl\u00e6de \u2013 sundhed, energi &amp; f\u00e6llesskab i praksis&#8221; css=&#8221;&#8221;][vc_empty_space][vc_column_text css=&#8221;&#8221;]Et \u00e6rligt og opl\u00f8ftende opl\u00e6g, der giver jer indsigt i:<\/p>\n<ul>\n<li>Trivsel i praksis: enkle greb, der virker i hverdagen<\/li>\n<li>\u00c6rlig kommunikation: respektfulde samtaler \u2013 ogs\u00e5 n\u00e5r det er sv\u00e6rt<\/li>\n<li>Mental sundhed &amp; arbejdsgl\u00e6de: hvad det kr\u00e6ver, helt konkret<\/li>\n<li>Psykologisk tryghed &amp; f\u00e6llesskab: hvorfor mod og \u00e6rlighed smitter<\/li>\n<li>Kultur man v\u00e6lger til: sm\u00e5 vaner \u2192 stor forskel<\/li>\n<\/ul>\n<p>[\/vc_column_text][vc_empty_space][\/vc_column_inner][\/vc_row_inner][\/vc_tta_section][vc_tta_section title=&#8221;Workshop (\u00bd\u20131 dag)&#8221; tab_id=&#8221;1758310621448-abd22c57-2796&#8243;][vc_row_inner][vc_column_inner][vc_custom_heading text=&#8221;Workshop (\u00bd\u20131 dag)&#8221; css=&#8221;&#8221;][vc_empty_space][vc_column_text css=&#8221;&#8221; el_id=&#8221;panelltexts&#8221;]Her arbejder vi med jeres virkelighed: Hvordan ser trivsel og arbejdsgl\u00e6de ud hos jer i dag \u2013 og hvordan \u00f8nsker I, at det skal v\u00e6re?<\/p>\n<p>Vi kortl\u00e6gger, s\u00e6tter m\u00e5l og finder de handlinger, der kan g\u00f8re en reel forskel i hverdagen.[\/vc_column_text][vc_empty_space][\/vc_column_inner][vc_column_inner el_class=&#8221;pannellists2&#8243; width=&#8221;1\/2&#8243;][vc_column_text css=&#8221;&#8221;]<strong>I f\u00e5r:<\/strong><\/p>\n<ul>\n<li>Kortl\u00e6gning af styrker og udfordringer i trivsel og f\u00e6llesskab<\/li>\n<li>Indsigt i, hvad der dr\u00e6ner \u2013 og hvad der giver energi<\/li>\n<li>Tr\u00e6ning i \u00e6rlig dialog og psykologisk tryghed<\/li>\n<li>F\u00e6lles \u00f8velser, der styrker relationer og samarbejde<\/li>\n<li>En plan for, hvordan I skaber en kultur, man v\u00e6lger til<\/li>\n<\/ul>\n<p>[\/vc_column_text][\/vc_column_inner][vc_column_inner el_class=&#8221;pannellists1&#8243; width=&#8221;1\/2&#8243;][vc_column_text css=&#8221;&#8221;]<strong>Produktion:<\/strong><\/p>\n<p>En <strong>f\u00e6lles retning og konkrete aftaler<\/strong>, som b\u00e5de ledere og medarbejdere kan m\u00e6rke allerede n\u00e6ste dag \u2013 i motivationen, samarbejdet og arbejdsgl\u00e6den.[\/vc_column_text][\/vc_column_inner][vc_column_inner][vc_btn title=&#8221;mere info&#8221; style=&#8221;custom&#8221; custom_background=&#8221;#FFC300&#8243; custom_text=&#8221;#000000&#8243; css=&#8221;&#8221; link=&#8221;url:%23&#8243; el_class=&#8221;yellowbutton&#8221;][\/vc_column_inner][\/vc_row_inner][\/vc_tta_section][vc_tta_section title=&#8221;Forl\u00f8b (konsulentforl\u00f8b)&#8221; tab_id=&#8221;1758310620292-a69cc4af-46f4&#8243;][vc_row_inner][vc_column_inner][vc_custom_heading text=&#8221;Forl\u00f8b (konsulentforl\u00f8b)&#8221; css=&#8221;&#8221;][vc_empty_space][vc_column_text css=&#8221;&#8221; el_id=&#8221;panelltexts&#8221;]Et foredrag eller en workshop kan v\u00e6re starten. Men hvis I vil skabe en kultur, hvor trivsel, sundhed og arbejdsgl\u00e6de bliver en naturlig del af hverdagen, kr\u00e6ver det et l\u00e6ngere samarbejde.<\/p>\n<p>Som fast konsulent bliver jeg en sparringspartner, der f\u00f8lger jer t\u00e6t \u2013 b\u00e5de i f\u00e6lles processer og 1:1 med ledere, n\u00f8glepersoner eller medarbejdere.[\/vc_column_text][vc_empty_space][\/vc_column_inner][vc_column_inner el_class=&#8221;pannellists2&#8243; width=&#8221;1\/2&#8243;][vc_column_text css=&#8221;&#8221;]<strong>I f\u00e5r:<\/strong><\/p>\n<ul>\n<li>L\u00f8bende sparring p\u00e5 team- og ledelsesniveau \u2013 strategi, handling og feedback<\/li>\n<li>1:1-sessions med ledere eller medarbejdere, hvor vi arbejder med trivsel, energi og balance<\/li>\n<li>Hj\u00e6lp til at skabe rammer og rytmer, der holder fast i arbejdsgl\u00e6de og sundhed<\/li>\n<li>Nye perspektiver og konkrete input udefra, s\u00e5 I ikke falder tilbage i gamle m\u00f8nstre<\/li>\n<\/ul>\n<p>[\/vc_column_text][\/vc_column_inner][vc_column_inner el_class=&#8221;pannellists1&#8243; width=&#8221;1\/2&#8243;][vc_column_text css=&#8221;&#8221;]<strong>Produktion:<\/strong><\/p>\n<ul>\n<li>En arbejdsplads, hvor medarbejdere v\u00e6lger f\u00e6llesskabet til \u2013 hver dag<\/li>\n<li>Ledere, der kan skabe motivation og tryghed i praksis<\/li>\n<li>En kultur, hvor sundhed, arbejdsgl\u00e6de og relationer giver energi \u2013 og hvor performance f\u00f8lger med<\/li>\n<\/ul>\n<p>[\/vc_column_text][\/vc_column_inner][vc_column_inner][vc_empty_space][vc_column_text css=&#8221;&#8221;]\ud83d\udca1 Og t\u00e6nk lige over det:<br \/>\nHvor meget ville det v\u00e6re v\u00e6rd, hvis jeres medarbejdere eller spillere fik \u00f8get trivsel, sundhed, arbejdsgl\u00e6de og sammenhold \u2013 og I samtidig skabte det st\u00e6rkeste f\u00e6llesskab?[\/vc_column_text][vc_empty_space][vc_btn title=&#8221;mere info&#8221; style=&#8221;custom&#8221; custom_background=&#8221;#FFC300&#8243; custom_text=&#8221;#000000&#8243; css=&#8221;&#8221; link=&#8221;url:%23&#8243; el_class=&#8221;yellowbutton&#8221;][\/vc_column_inner][\/vc_row_inner][\/vc_tta_section][\/vc_tta_tour][vc_empty_space height=&#8221;50px&#8221;][\/vc_column][\/vc_row][vc_row css=&#8221;.vc_custom_1758548268792{background-color: #000000 !important;}&#8221; el_class=&#8221;blcackpanel paneles&#8221;][vc_column][vc_empty_space height=&#8221;50px&#8221;][vc_row_inner][vc_column_inner width=&#8221;1\/2&#8243;][vc_custom_heading text=&#8221;Public speaking &amp; storytelling \u2013 Tal s\u00e5 det kan m\u00e6rkes, og vil blive husket&#8221; font_container=&#8221;tag:h1|text_align:left|color:%23FFFFFF&#8221; css=&#8221;&#8221;][vc_column_text css=&#8221;&#8221;]Jeg har tr\u00e6net ledere, specialister og iv\u00e6rks\u00e6ttere til alt fra TEDx-events til store funding-runder. Jeg har st\u00e5et p\u00e5 scener mere end 800 gange selv \u2013 og erfaringen er klar: <strong>det handler ikke om at spille en rolle, men om at st\u00e5 st\u00e6rkt som den, du er.<\/strong><\/p>\n<p><em>\u201cJeg mister den r\u00f8de tr\u00e5d, n\u00e5r jeg pitcher vores id\u00e9.\u201d<\/em><\/p>\n<p><em>\u201cJeg skal samle penge ind, men mit budskab lander ikke skarpt nok.\u201d<\/em><\/p>\n<p><em>\u201cJeg bliver nerv\u00f8s foran medarbejderne \u2013 og det dr\u00e6ner min gennemslagskraft.\u201d<\/em><\/p>\n<p>Det handler om at kommunikere s\u00e5 klart, at folk ikke bare h\u00f8rer dit budskab \u2013 men m\u00e6rker dig som menneske. Om at skabe den r\u00f8de tr\u00e5d, bruge kroppen bevidst, og levere en fort\u00e6lling, der inspirerer og overbeviser \u2013 uanset om du pitcher, motiverer dit team eller taler til hundredevis af mennesker.[\/vc_column_text][\/vc_column_inner][vc_column_inner el_class=&#8221;panelimgs&#8221; width=&#8221;1\/2&#8243;][vc_single_image image=&#8221;3568&#8243; img_size=&#8221;full&#8221; alignment=&#8221;right&#8221; css=&#8221;&#8221;][\/vc_column_inner][\/vc_row_inner][vc_empty_space height=&#8221;20px&#8221;][vc_empty_space height=&#8221;20px&#8221;][vc_empty_space height=&#8221;20px&#8221;][vc_tta_tour][vc_tta_section title=&#8221;Foredrag&#8221; tab_id=&#8221;1758549805809-7521eda6-cee4&#8243;][vc_row_inner][vc_column_inner][vc_custom_heading text=&#8221;Public speaking &amp; storytelling \u2013 tal s\u00e5 det m\u00e6rkes&#8221; css=&#8221;&#8221;][vc_empty_space][vc_column_text css=&#8221;&#8221;]Et opl\u00e6g, hvor I f\u00e5r konkrete v\u00e6rkt\u00f8jer og inspiration til at:<\/p>\n<ul>\n<li>Skabe en r\u00f8d tr\u00e5d i jeres budskaber<\/li>\n<li>Br\u00e6nde igennem med kropssprog, stemme og n\u00e6rv\u00e6r<\/li>\n<li>L\u00f8fte pr\u00e6sentationer fra slides til storytelling<\/li>\n<li>T\u00e6nke og tale som en TEDx-speaker<\/li>\n<li>Skabe budskaber, der inspirerer, s\u00e6lger og huskes<\/li>\n<\/ul>\n<p>[\/vc_column_text][vc_empty_space][\/vc_column_inner][\/vc_row_inner][\/vc_tta_section][vc_tta_section title=&#8221;V\u00e6rksted&#8221; tab_id=&#8221;1758549805853-f630c235-d7a0&#8243;][vc_row_inner][vc_column_inner][vc_custom_heading text=&#8221;V\u00e6rksted&#8221; css=&#8221;&#8221;][vc_empty_space][vc_column_text css=&#8221;&#8221;]Her arbejder vi med jeres virkelighed: pr\u00e6sentationer, pitches, medarbejderdage, kundem\u00f8der eller funding-runder.<\/p>\n<p>Vi tr\u00e6ner, justerer og giver hinanden feedback i et trygt rum, hvor man kan \u00f8ve sig \u2013 og fejle \u2013 uden konsekvenser.[\/vc_column_text][vc_empty_space][\/vc_column_inner][vc_column_inner el_class=&#8221;pannellists2&#8243; width=&#8221;1\/2&#8243;][vc_column_text css=&#8221;&#8221;]<strong>I f\u00e5r:<\/strong><\/p>\n<ul>\n<li>Praktisk tr\u00e6ning i pr\u00e6sentationsteknik, storytelling og pitch<\/li>\n<li>Konkrete greb til kropssprog, stemme og struktur<\/li>\n<li>Feedback p\u00e5 jeres egne pr\u00e6sentationer eller cases<\/li>\n<li>\u00d8velser, der giver jer ro, n\u00e6rv\u00e6r og gennemslagskraft<\/li>\n<li>Viden om, hvordan I kan kommunikere, s\u00e5 folk v\u00e6lger jer til<\/li>\n<\/ul>\n<p>[\/vc_column_text][\/vc_column_inner][vc_column_inner el_class=&#8221;pannellists1&#8243; width=&#8221;1\/2&#8243;][vc_column_text css=&#8221;&#8221;]<strong>Produktion:<\/strong><\/p>\n<p>Mennesker, der kan st\u00e5 st\u00e6rkt p\u00e5 scenen, levere pitches med overbevisning og kommunikere, s\u00e5 b\u00e5de kunder, medarbejdere og investorer lytter \u2013 og handler.[\/vc_column_text][\/vc_column_inner][vc_column_inner][vc_btn title=&#8221;mere info&#8221; style=&#8221;custom&#8221; custom_background=&#8221;#FFC300&#8243; custom_text=&#8221;#000000&#8243; css=&#8221;&#8221; link=&#8221;url:%23&#8243; el_class=&#8221;yellowbutton&#8221;][\/vc_column_inner][\/vc_row_inner][\/vc_tta_section][vc_tta_section title=&#8221;Forl\u00f8b (konsulentforl\u00f8b)&#8221; tab_id=&#8221;1758549805942-982fd5cc-9565&#8243;][vc_row_inner][vc_column_inner][vc_custom_heading text=&#8221;Forl\u00f8b (konsulentforl\u00f8b)&#8221; css=&#8221;&#8221;][vc_empty_space][vc_column_text css=&#8221;&#8221;]Vil I l\u00f8fte kommunikationen p\u00e5 et helt andet niveau \u2013 s\u00e5 det ikke kun handler om enkeltst\u00e5ende opl\u00e6g, men om at skabe en st\u00e6rk kultur for formidling?<\/p>\n<p>Som fast konsulent arbejder jeg med jer over tid, s\u00e5 I f\u00e5r bygget kommunikationskompetencer, der holder.[\/vc_column_text][vc_empty_space][\/vc_column_inner][vc_column_inner el_class=&#8221;pannellists2&#8243; width=&#8221;1\/2&#8243;][vc_column_text css=&#8221;&#8221;]<strong>I f\u00e5r:<\/strong><\/p>\n<ul>\n<li>1:1-sessions med ledere, n\u00f8glepersoner eller founders \u2013 m\u00e5lrettet pr\u00e6cis de situationer, de st\u00e5r i<\/li>\n<li>L\u00f8bende sparring og tr\u00e6ning af teams ift. pr\u00e6sentationer, medarbejderdage og kundem\u00f8der<\/li>\n<li>Hj\u00e6lp til at udvikle st\u00e6rke pitches til investorer og funding-runder<\/li>\n<li>Tr\u00e6ning i storytelling og brand story, s\u00e5 jeres kultur og produkter kommunikeres klart<\/li>\n<li>Feedback og sparring p\u00e5 konkrete pr\u00e6sentationer og events<\/li>\n<\/ul>\n<p>[\/vc_column_text][\/vc_column_inner][vc_column_inner el_class=&#8221;pannellists1&#8243; width=&#8221;1\/2&#8243;][vc_column_text css=&#8221;&#8221;]<strong>Produktion:<\/strong><\/p>\n<ul>\n<li>Ledere, der kan st\u00e5 st\u00e6rkt foran medarbejdere og skabe retning<\/li>\n<li>Iv\u00e6rks\u00e6ttere, der kan samle penge ind ved at levere pitches med gennemslagskraft<\/li>\n<li>Medarbejdere, der kan pr\u00e6sentere id\u00e9er p\u00e5 en m\u00e5de, der inspirerer og huskes<\/li>\n<li>En organisation, hvor kommunikationen bliver en styrke \u2013 ikke en svaghed<\/li>\n<\/ul>\n<p>[\/vc_column_text][\/vc_column_inner][vc_column_inner][vc_empty_space][vc_column_text css=&#8221;&#8221;]\ud83d\udca1 Og t\u00e6nk lige over det:<br \/>\nHvor meget ville det v\u00e6re v\u00e6rd, hvis jeres ledere, medarbejdere eller founders kunne kommunikere s\u00e5 st\u00e6rkt, at de skabte f\u00f8lgeskab, solgte id\u00e9er og flyttede mennesker \u2013 hver gang de var p\u00e5?[\/vc_column_text][vc_empty_space][vc_btn title=&#8221;mere info&#8221; style=&#8221;custom&#8221; custom_background=&#8221;#FFC300&#8243; custom_text=&#8221;#000000&#8243; css=&#8221;&#8221; link=&#8221;url:%23&#8243; el_class=&#8221;yellowbutton&#8221;][\/vc_column_inner][\/vc_row_inner][\/vc_tta_section][\/vc_tta_tour][vc_empty_space height=&#8221;50px&#8221;][\/vc_column][\/vc_row]<\/p>\n<\/div>","protected":false},"excerpt":{"rendered":"<p>[vc_row full_height=&#8221;yes&#8221; css=&#8221;.vc_custom_1758552022314{background-image: url(http:\/\/worksopwebdesign.co.uk\/jm\/wp-content\/uploads\/2025\/09\/jm5-1.jpg?id=3572) !important;background-position: center !important;background-repeat: no-repeat !important;background-size: cover !important;}&#8221; el_class=&#8221;mainbannerimage&#8221;][vc_column width=&#8221;1\/2&#8243; el_class=&#8221;mainbannertext&#8221;][vc_empty_space][vc_column_text css_animation=&#8221;fadeIn&#8221; css=&#8221;&#8221; el_class=&#8221;mainbannersmall&#8221;] Trivsel, f\u00e6llesskab &amp; performance [\/vc_column_text][vc_column_text css_animation=&#8221;fadeIn&#8221; css=&#8221;&#8221; el_class=&#8221;mainbanner&#8221;] N\u00e5r mennesker trives, f\u00f8lger fokus.&hellip;<\/p>\n","protected":false},"author":1,"featured_media":0,"parent":0,"menu_order":0,"comment_status":"closed","ping_status":"closed","template":"template-homepage.php","meta":{"footnotes":""},"class_list":["post-3551","page","type-page","status-publish","hentry"],"_links":{"self":[{"href":"http:\/\/worksopwebdesign.co.uk\/jm\/index.php\/wp-json\/wp\/v2\/pages\/3551","targetHints":{"allow":["GET"]}}],"collection":[{"href":"http:\/\/worksopwebdesign.co.uk\/jm\/index.php\/wp-json\/wp\/v2\/pages"}],"about":[{"href":"http:\/\/worksopwebdesign.co.uk\/jm\/index.php\/wp-json\/wp\/v2\/types\/page"}],"author":[{"embeddable":true,"href":"http:\/\/worksopwebdesign.co.uk\/jm\/index.php\/wp-json\/wp\/v2\/users\/1"}],"replies":[{"embeddable":true,"href":"http:\/\/worksopwebdesign.co.uk\/jm\/index.php\/wp-json\/wp\/v2\/comments?post=3551"}],"version-history":[{"count":12,"href":"http:\/\/worksopwebdesign.co.uk\/jm\/index.php\/wp-json\/wp\/v2\/pages\/3551\/revisions"}],"predecessor-version":[{"id":3578,"href":"http:\/\/worksopwebdesign.co.uk\/jm\/index.php\/wp-json\/wp\/v2\/pages\/3551\/revisions\/3578"}],"wp:attachment":[{"href":"http:\/\/worksopwebdesign.co.uk\/jm\/index.php\/wp-json\/wp\/v2\/media?parent=3551"}],"curies":[{"name":"wp","href":"https:\/\/api.w.org\/{rel}","templated":true}]}}